{"id":536,"date":"2024-08-20T10:40:26","date_gmt":"2024-08-20T14:40:26","guid":{"rendered":"https:\/\/www.gdop-america.org\/?page_id=536"},"modified":"2024-08-22T08:05:55","modified_gmt":"2024-08-22T12:05:55","slug":"invite","status":"publish","type":"page","link":"https:\/\/www.gdop-america.org\/ro\/invite\/","title":{"rendered":"Invita\u021bi"},"content":{"rendered":"<h2 class=\"wp-block-heading has-text-align-center\">Ziua mondial\u0103 de rug\u0103ciune pentru America<br>Duminic\u0103 22 septembrie 2024 - 4am (PAC) | 7am (EST)<\/h2>\n\n\n\n<p>Dorin\u021ba noastr\u0103 este s\u0103 vedem o trezire \u0219i o rena\u0219tere masiv\u0103 pe scar\u0103 larg\u0103 \u00een America!<\/p>\n\n\n\n<p>Am cerut ca o alt\u0103 mi\u0219care istoric\u0103 a Duhului Sf\u00e2nt s\u0103 str\u0103bat\u0103 \u021bara noastr\u0103 \u0219i s\u0103 trezeasc\u0103 o genera\u021bie la dragostea din toat\u0103 inima \u0219i la predarea fa\u021b\u0103 de Isus!<\/p>\n\n\n\n<p>Este vorba despre o trezire la Hristos, \u00een care Duhul lui Dumnezeu folose\u0219te Cuv\u00e2ntul lui Dumnezeu pentru a <strong><em>trezesc din nou<\/em><\/strong> Poporul lui Dumnezeu se \u00eentoarce la Fiul lui Dumnezeu pentru tot ceea ce este El!<\/p>\n\n\n\n<p>Vrem s\u0103 intr\u0103m \u00een puterea \u0219i pl\u0103cerea de a fi obseda\u021bi de splendoarea lui Isus. El este personalitatea dominant\u0103 \u00een acest veac \u0219i \u00een veacul care va veni!<\/p>\n\n\n\n<p>T\u00e2njim dup\u0103 o <em><strong>Explozia Evangheliei<\/strong><\/em>, un tsunami de rena\u0219tere s\u0103 vin\u0103 s\u0103 se pr\u0103bu\u0219easc\u0103 pe plajele na\u021biunii noastre pentru r\u0103sp\u00e2ndirea faimei Sale, pentru extinderea domniei Sale, pentru cre\u0219terea c\u00e2\u0219tigului S\u0103u \u0219i pentru onoarea revendic\u0103rii Sale a ceea ce \u00cei apar\u021bine de drept, de la o coast\u0103 la alta, de la mare la mare str\u0103lucitoare!<\/p>\n\n\n\n<blockquote class=\"wp-block-quote is-layout-flow wp-block-quote-is-layout-flow\">\n<p>\"C\u0103ci p\u0103m\u00e2ntul se va umple de cuno\u0219tin\u021ba slavei Domnului precum apele acoper\u0103 marea\" (Hab. 2:14).<\/p>\n<\/blockquote>\n\n\n\n<p>\u00cen cuvintele moravienilor <strong>\"Fie ca Mielul care a fost \u00eenjunghiat s\u0103 primeasc\u0103 r\u0103splata cuvenit\u0103 pentru suferin\u021bele sale.\"<\/strong> S\u0103 ne jur\u0103m credin\u021b\u0103 nu \"stelelor \u0219i dungilor\", ci \"cicatricilor \u0219i dungilor\" Mielului demn!<\/p>\n\n\n\n<h3 class=\"wp-block-heading\">Nevoie disperat\u0103 de rena\u0219tere...<\/h3>\n\n\n\n<p>Avem nevoie disperat\u0103 de rena\u0219tere \u00een America. Multe dintre bisericile noastre sunt lipsite de rug\u0103ciune \u0219i pline de m\u00e2ndrie. Multe dintre c\u0103minele \u0219i c\u0103s\u0103toriile noastre sunt distruse. Se spune c\u0103, \u00eentr-una dintre cele mai bogate na\u021biuni din lume, credincio\u0219ii dau zeciuial\u0103 doar 2% din venitul lor.<\/p>\n\n\n\n<p>Cre\u0219terea general\u0103 a bisericii din America este stagnant\u0103. Cu peste 40 000 de confesiuni \u00een America, biserica \u0219i liderii ei se lupt\u0103 s\u0103 p\u0103\u0219easc\u0103 \u00een unitatea Ioan 17.<\/p>\n\n\n\n<p>Na\u021biunea noastr\u0103 este divizat\u0103 politic \u0219i social. Dup\u0103 cum \u0219tim, numai o biseric\u0103 unit\u0103 poate vindeca o na\u021biune divizat\u0103.<\/p>\n\n\n\n<h3 class=\"wp-block-heading\">Cu toate acestea, am speran\u021b\u0103 pentru na\u021biunea noastr\u0103<\/h3>\n\n\n\n<p>America a avut o istorie bogat\u0103 \u00een ceea ce prive\u0219te trimiterea de misionari care s\u0103 duc\u0103 Evanghelia la na\u021biunile din \u00eentreaga lume. Oriunde c\u0103l\u0103toresc prin lume, aud recuno\u0219tin\u021ba altor na\u021biuni pentru misionarii americani. \u0218i totu\u0219i, ast\u0103zi, cred c\u0103 avem nevoie ca Domnul s\u0103 trimit\u0103 misionari \u00een \u021bara noastr\u0103.<\/p>\n\n\n\n<p><strong>Cred c\u0103 trebuie s\u0103 ne smerim \u0219i s\u0103 cerem ajutorul \u0219i mijlocirea na\u021biunilor.<\/strong><\/p>\n\n\n\n<figure class=\"wp-block-embed is-type-video is-provider-youtube wp-block-embed-youtube wp-embed-aspect-16-9 wp-has-aspect-ratio\"><div class=\"wp-block-embed__wrapper\">\n<iframe loading=\"lazy\" title=\"Ziua mondial\u0103 de rug\u0103ciune pentru America - 22 septembrie 2024\" width=\"500\" height=\"281\" src=\"https:\/\/www.youtube.com\/embed\/UsSFy-2hD5c?feature=oembed\" frameborder=\"0\" allow=\"accelerometer; autoplay; clipboard-write; encrypted-media; gyroscope; picture-in-picture; web-share\" referrerpolicy=\"strict-origin-when-cross-origin\" allowfullscreen><\/iframe>\n<\/div><\/figure>\n\n\n\n<p>Dup\u0103 ce am auzit de la mul\u021bi lideri mondiali, am decis s\u0103 organiz\u0103m 7 zile de rug\u0103ciune, care s\u0103 culmineze cu o <strong>Ziua mondial\u0103 de rug\u0103ciune pentru America duminic\u0103, 22 septembrie, cu o \u00eent\u00e2lnire online care va avea loc \u00eentre orele 7:00 \u0219i 10:00 (EST)<\/strong>.<\/p>\n\n\n\n<p>Vom avea lideri cheie care ni se vor al\u0103tura \u0219i ne vor conduce \u00een rug\u0103ciune \u0219i \u00eenchinare de pe fiecare continent al lumii!<\/p>\n\n\n\n<p>V\u0103 rug\u0103m s\u0103 v\u0103 al\u0103tura\u021bi nou\u0103 online \u00een m\u0103sura \u00een care pute\u021bi \u0219i s\u0103 v\u0103 g\u00e2ndi\u021bi s\u0103 g\u0103zdui\u021bi o petrecere de rug\u0103ciune \u00een numele ora\u0219ului sau al na\u021biunii dumneavoastr\u0103.<\/p>\n\n\n\n<p><strong>\u00cenregistra\u021bi-v\u0103 pentru actualiz\u0103ri \u0219i urm\u0103ri\u021bi la <\/strong><a href=\"https:\/\/flj78ieab.cc.rs6.net\/tn.jsp?f=001iqCg-s9ECocPoMLGBYeb8bfwPXENwHGugYyz-UOix8cYR9fModEUrRNlisk3NszMyTxTGIJ6a7g3frCnVZEZEJnxJwftb_62MIiRuWcCrQtQx3uMk0BMxlZaqjUx374uj7xBGt1jvcGdBv4O7erDVhm5Cdb0xyn-&amp;c=4_yc4czp-nECwj8dING3o2dn_z_wFlIkrV2C7LkzsYMpKz8pmVjkMQ==&amp;ch=z3813YKnBzsmSF2e_31dcZnZVdaq_TpLwS4gXIlQt2Azqid9bivZFw==\" target=\"_blank\" rel=\"noreferrer noopener\">www.gdop-america.org<\/a><\/p>\n\n\n\n<div class=\"wp-block-buttons is-layout-flex wp-block-buttons-is-layout-flex\">\n<div class=\"wp-block-button\"><a class=\"wp-block-button__link wp-element-button\" href=\"https:\/\/www.gdop-america.org\/ro\/download-flyer\/\">Desc\u0103rca\u021bi pliantul \/ Ghidul de rug\u0103ciune<\/a><\/div>\n<\/div>\n\n\n\n<h3 class=\"wp-block-heading\">Putem vedea o rena\u0219tere transformatoare \u00een America?<\/h3>\n\n\n\n<p>O \u00eentrebare cheie pe care trebuie s\u0103 ne-o punem este aceasta: \"De ce ar fi nevoie pentru a vedea o adev\u0103rat\u0103 mi\u0219care a lui Dumnezeu ini\u021biat\u0103 \u0219i sus\u021binut\u0103 \u00een ora\u0219ele din America?<\/p>\n\n\n\n<p>Nu este suficient s\u0103 vedem doar o rena\u0219tere, vrem s\u0103 vedem o rena\u0219tere transformatoare \u00een familii, comunit\u0103\u021bi \u0219i ora\u0219e din \u00eentreaga noastr\u0103 na\u021biune \u00eenainte de revenirea lui Hristos!<\/p>\n\n\n\n<p><strong>George Otis Jr. descrie astfel o comunitate transformat\u0103...<\/strong><\/p>\n\n\n\n<ul class=\"wp-block-list\">\n<li>Un cartier, un ora\u0219 sau o na\u021biune ale c\u0103ror valori \u0219i institu\u021bii au fost invadate de harul \u0219i prezen\u021ba lui Dumnezeu.<\/li>\n\n\n\n<li>Un loc \u00een care focul divin nu a fost doar invocat, ci a \u0219i c\u0103zut.<\/li>\n\n\n\n<li>O societate \u00een care schimb\u0103rile evolutive naturale au fost perturbate de o putere supranatural\u0103 invaziv\u0103.<\/li>\n\n\n\n<li>O cultur\u0103 care a fost impactat\u0103 \u00een mod cuprinz\u0103tor \u0219i incontestabil de \u00cemp\u0103r\u0103\u021bia lui Dumnezeu.<\/li>\n\n\n\n<li>O loca\u021bie \u00een care valorile Regatului sunt celebrate public \u0219i transmise genera\u021biilor viitoare.<\/li>\n<\/ul>\n\n\n\n<p>Samuel Davies ne-a amintit, din punctul s\u0103u de vedere al celei de-a doua mari treziri, c\u0103 \"exist\u0103 epoci \u00een care numai o mare rev\u0103rsare a Duhului Sf\u00e2nt poate produce o reform\u0103 general\u0103 public\u0103\". El a fost martor direct la modul \u00een care rena\u0219terea \u0219i trezirea au adus o schimbare cultural\u0103 pe care nimic altceva nu o putea realiza. John's-Wood Presbyterian a declarat dup\u0103 trezirea din \u021aara Galilor, \u00een care 100 000 de oameni au venit la Hristos \u00een nou\u0103 luni (1904-1905), c\u0103 \"puternica suflare nev\u0103zut\u0103 a Duhului a f\u0103cut \u00eentr-o lun\u0103 mai mult dec\u00e2t ar fi putut face secole de legisla\u021bie\".<\/p>\n\n\n\n<h3 class=\"wp-block-heading\">Am putea asista din nou la o astfel de trezire \u00een zilele noastre?<\/h3>\n\n\n\n<p>Dup\u0103 cum ne aminte\u0219te George Otis, \"procesul de rena\u0219tere transformatoare \u00een na\u021biuni este declan\u0219at atunci c\u00e2nd apetitul nostru pentru prezen\u021ba lui Dumnezeu dep\u0103\u0219e\u0219te toate celelalte pofte\". Aceast\u0103 foame este aprins\u0103 \u0219i transformat\u0103 \u00een flac\u0103r\u0103 prin Evanghelia harului glorios al lui Dumnezeu!<\/p>\n\n\n\n<p>Dup\u0103 cum scria Leonard Ravenhill,&nbsp;<\/p>\n\n\n\n<blockquote class=\"wp-block-quote is-layout-flow wp-block-quote-is-layout-flow\">\n<p>\"Singurul motiv pentru care nu avem rena\u0219tere este pentru c\u0103 suntem dispu\u0219i s\u0103 tr\u0103im f\u0103r\u0103 ea.\"&nbsp;<\/p>\n<\/blockquote>\n\n\n\n<p>El a fost faimos pentru c\u0103 ne-a expus vie\u021bile noastre conduse de idoli atunci c\u00e2nd a declarat,<\/p>\n\n\n\n<blockquote class=\"wp-block-quote is-layout-flow wp-block-quote-is-layout-flow\">\n<p>\"Lucrurile pentru care tr\u0103ie\u0219ti merit\u0103 ca Hristos s\u0103 moar\u0103 pentru ele?\"<\/p>\n<\/blockquote>\n\n\n\n<p>Adev\u0103rata rena\u0219tere experimentat\u0103 de mul\u021bi de-a lungul istoriei omenirii a fost \u00eentotdeauna \u00eenso\u021bit\u0103 de o convingere extraordinar\u0103 de p\u0103cat, de frica de Dumnezeu \u0219i de judecata Sa, de revela\u021bia iubirii \u0219i milei lui Dumnezeu, de m\u0103rturisire, de poc\u0103in\u021b\u0103 profund\u0103 \u0219i de oameni care au \u00eentrebat, ca \u00een ziua Cincizecimii: \"Ce trebuie s\u0103 fac pentru a fi m\u00e2ntuit?\" (Faptele Apostolilor 2)<\/p>\n\n\n\n<p>Dumnezeu este atras \u00een mod special de un mediu de umilin\u021b\u0103, fr\u00e2ngere, foame spiritual\u0103 disperat\u0103, poc\u0103in\u021b\u0103, ascultare \u00eemputernicit\u0103 de har \u0219i rug\u0103ciune unit\u0103 urgent\u0103. Duncan Campbell, marele predicator din timpul rena\u0219terii din Hebride din 1949-52, a rezumat bine rena\u0219terea c\u00e2nd a scris,&nbsp;<\/p>\n\n\n\n<blockquote class=\"wp-block-quote is-layout-flow wp-block-quote-is-layout-flow\">\n<p>\"Rena\u0219terea este atunci c\u00e2nd oamenii de pe str\u0103zi se tem s\u0103 rosteasc\u0103 cuvinte f\u0103r\u0103 Dumnezeu de team\u0103 c\u0103 va c\u0103dea judecata lui Dumnezeu! C\u00e2nd p\u0103c\u0103to\u0219ii, con\u0219tien\u021bi de focul prezen\u021bei lui Dumnezeu, tremur\u0103 pe str\u0103zi \u0219i strig\u0103 dup\u0103 mil\u0103! C\u00e2nd (f\u0103r\u0103 publicitate uman\u0103) Duhul Sf\u00e2nt str\u0103bate ora\u0219ele \u0219i regiunile cu putere supranatural\u0103 \u0219i \u00eei \u021bine pe oameni \u00een str\u00e2nsoarea unei convingeri terifiante! C\u00e2nd fiecare magazin devine un amvon, fiecare inim\u0103 un altar, fiecare cas\u0103 un sanctuar, iar oamenii merg cu grij\u0103 \u00eenaintea lui Dumnezeu! Aceasta, iubi\u021bii mei, este cu adev\u0103rat \u00ceNVIEREA DIN CER!\" - Duncan Campell<\/p>\n<\/blockquote>\n\n\n\n<p>Rena\u0219terea este centrat\u0103 pe Isus! Este condus\u0103 de Evanghelie! (Fapte 19:10, 17). Rena\u0219terea sfideaz\u0103 status quo-ul \u0219i schimb\u0103 atmosfera spiritual\u0103 p\u00e2n\u0103 c\u00e2nd o comunitate este \"saturat\u0103 de Dumnezeu\".<\/p>\n\n\n\n<h3 class=\"wp-block-heading\">Rug\u0103ciune extraordinar\u0103<\/h3>\n\n\n\n<p>Este de la sine \u00een\u021beles c\u0103 rug\u0103ciunea este incubatorul \u0219i cuptorul rena\u0219terii. Dup\u0103 cum a scris AT Pierson,<\/p>\n\n\n\n<blockquote class=\"wp-block-quote is-layout-flow wp-block-quote-is-layout-flow\">\n<p>\"Nu a existat niciodat\u0103 o trezire spiritual\u0103 \u00een vreo \u021bar\u0103 sau localitate care s\u0103 nu fi \u00eenceput prin rug\u0103ciune unit\u0103.\"<\/p>\n<\/blockquote>\n\n\n\n<p>Rena\u0219terea este precedat\u0103 de o rug\u0103ciune extraordinar\u0103. Dup\u0103 cum a remarcat Matthew Henry,<\/p>\n\n\n\n<blockquote class=\"wp-block-quote is-layout-flow wp-block-quote-is-layout-flow\">\n<p><strong>\"C\u00e2nd Dumnezeu inten\u021bioneaz\u0103 s\u0103 fac\u0103 mare mil\u0103 pentru poporul S\u0103u, primul lucru pe care \u00eel face este s\u0103-i pun\u0103 s\u0103 se roage!\"<\/strong><\/p>\n<\/blockquote>\n\n\n\n<p>Edwin Orr, unul dintre cei mai mari cercet\u0103tori ai rena\u0219terii, a fost \u00eentrebat odat\u0103,<\/p>\n\n\n\n<blockquote class=\"wp-block-quote is-layout-flow wp-block-quote-is-layout-flow\">\n<p>\"Rug\u0103ciunea face ca rena\u0219terea s\u0103 aib\u0103 loc? El a r\u0103spuns: \"Nu... dar o face posibil\u0103\"\"<\/p>\n<\/blockquote>\n\n\n\n<p>Dup\u0103 cum scria A.W. Tozer \u00eentr-un articol intitulat \"Nu exist\u0103 limit\u0103 pentru rena\u0219tere\"<\/p>\n\n\n\n<blockquote class=\"wp-block-quote is-layout-flow wp-block-quote-is-layout-flow\">\n<p>\"Nu exist\u0103 nicio limit\u0103 pentru ceea ce Dumnezeu ar putea face \u00een lumea noastr\u0103 dac\u0103 am \u00eendr\u0103zni s\u0103 ne pred\u0103m \u00een fa\u021ba Lui cu un angajament care spune: \"Doamne, m\u0103 d\u0103ruiesc \u021aie, \u00eemi d\u0103ruiesc familia, \u00eemi d\u0103ruiesc afacerea, \u00eemi d\u0103ruiesc tot ce posed. Ia-le pe toate, Doamne, \u0219i ia-m\u0103 pe mine! M\u0103 d\u0103ruiesc \u00een a\u0219a m\u0103sur\u0103 \u00eenc\u00e2t, dac\u0103 este necesar s\u0103 pierd totul de dragul T\u0103u, las\u0103-m\u0103 s\u0103 pierd. Nu voi \u00eentreba care este pre\u021bul. Voi cere doar s\u0103 fiu tot ceea ce ar trebui s\u0103 fiu ca urma\u0219 \u0219i ucenic al Domnului Isus Hristos.\"<\/p>\n<\/blockquote>\n\n\n<div class=\"wp-block-image\">\n<figure class=\"alignright size-full is-resized\"><img loading=\"lazy\" decoding=\"async\" width=\"304\" height=\"454\" src=\"https:\/\/www.gdop-america.org\/wp-content\/uploads\/2024\/08\/Dr-Jason-Hubbard-IPCs-Director.jpg\" alt=\"\" class=\"wp-image-543\" style=\"width:231px;height:auto\" srcset=\"https:\/\/www.gdop-america.org\/wp-content\/uploads\/2024\/08\/Dr-Jason-Hubbard-IPCs-Director.jpg 304w, https:\/\/www.gdop-america.org\/wp-content\/uploads\/2024\/08\/Dr-Jason-Hubbard-IPCs-Director-8x12.jpg 8w\" sizes=\"auto, (max-width: 304px) 100vw, 304px\" \/><\/figure>\n<\/div>\n\n\n<p>Fie ca biserica din America s\u0103 ne aduc\u0103 min\u021bile \u0219i inimile \u00een fa\u021ba focului de tab\u0103r\u0103 al Fiului lui Dumnezeu, Domnul Isus, cer\u00e2nd o mai mare revela\u021bie a Cine este El, \u00eencotro se \u00eendreapt\u0103, ce face \u0219i cum este binecuv\u00e2ntat. S\u0103 cerem o glorioas\u0103 <strong>Explozia Evangheliei<\/strong> s\u0103 izbucneasc\u0103 \u00een aceast\u0103 na\u021biune pentru renumele s\u0103u!&nbsp;<\/p>\n\n\n\n<p>V\u0103 mul\u021bumim pentru c\u0103 ne ajuta\u021bi s\u0103 transmitem mesajul despre aceast\u0103 \u00eent\u00e2lnire important\u0103.<\/p>\n\n\n\n<p>Toat\u0103 slava Mielului!<\/p>\n\n\n\n<p><strong>Dr. Jason Hubbard - Director<\/strong><br><a href=\"https:\/\/flj78ieab.cc.rs6.net\/tn.jsp?f=001iqCg-s9ECocPoMLGBYeb8bfwPXENwHGugYyz-UOix8cYR9fModEUrZk6xJgknfVCVdC7K8DCdrISPDuAC8JpMhIlsMSeIkDfjp6nhqepGeZbnsNg3LpIhSYhBhBxW9P6Q1EYlb9CZBQcI5fciGLYMjWquKewhgLK&amp;c=4_yc4czp-nECwj8dING3o2dn_z_wFlIkrV2C7LkzsYMpKz8pmVjkMQ==&amp;ch=z3813YKnBzsmSF2e_31dcZnZVdaq_TpLwS4gXIlQt2Azqid9bivZFw==\" target=\"_blank\" rel=\"noreferrer noopener\">Re\u021beaua interna\u021bional\u0103 de rug\u0103ciune<\/a><\/p>","protected":false},"excerpt":{"rendered":"<p>Ziua Global\u0103 de Rug\u0103ciune pentru AmericaDuminic\u0103, 22 septembrie 2024 - 4am (PAC) | 7am (EST) Dorin\u021ba noastr\u0103 este s\u0103 vedem o trezire masiv\u0103 pe scar\u0103 larg\u0103 \u0219i...<\/p>","protected":false},"author":1,"featured_media":0,"parent":0,"menu_order":0,"comment_status":"closed","ping_status":"closed","template":"","meta":{"footnotes":""},"class_list":["post-536","page","type-page","status-publish","hentry"],"_links":{"self":[{"href":"https:\/\/www.gdop-america.org\/ro\/wp-json\/wp\/v2\/pages\/536","targetHints":{"allow":["GET"]}}],"collection":[{"href":"https:\/\/www.gdop-america.org\/ro\/wp-json\/wp\/v2\/pages"}],"about":[{"href":"https:\/\/www.gdop-america.org\/ro\/wp-json\/wp\/v2\/types\/page"}],"author":[{"embeddable":true,"href":"https:\/\/www.gdop-america.org\/ro\/wp-json\/wp\/v2\/users\/1"}],"replies":[{"embeddable":true,"href":"https:\/\/www.gdop-america.org\/ro\/wp-json\/wp\/v2\/comments?post=536"}],"version-history":[{"count":9,"href":"https:\/\/www.gdop-america.org\/ro\/wp-json\/wp\/v2\/pages\/536\/revisions"}],"predecessor-version":[{"id":642,"href":"https:\/\/www.gdop-america.org\/ro\/wp-json\/wp\/v2\/pages\/536\/revisions\/642"}],"wp:attachment":[{"href":"https:\/\/www.gdop-america.org\/ro\/wp-json\/wp\/v2\/media?parent=536"}],"curies":[{"name":"wp","href":"https:\/\/api.w.org\/{rel}","templated":true}]}}